{"id":26,"date":"2020-01-20T15:38:17","date_gmt":"2020-01-20T14:38:17","guid":{"rendered":"https:\/\/www.marmitesvolantes.fr\/?page_id=26"},"modified":"2025-05-16T13:32:37","modified_gmt":"2025-05-16T11:32:37","slug":"ecosysteme","status":"publish","type":"page","link":"https:\/\/www.marmitesvolantes.fr\/index.php\/lentreprise\/ecosysteme\/","title":{"rendered":"\u00c9cosyst\u00e8me"},"content":{"rendered":"<h4 style=\"text-align: center;\"><span style=\"color: #3e2b36;\">Plein de gens g\u00e9niaux nous entourent !<\/span><\/h4>\n<p>&nbsp;<\/p>\n<h3 style=\"text-align: center;\"><span style=\"color: #d52b35;\">Ils nous soutiennent<\/span><\/h3>\n<p style=\"text-align: center;\"><a href=\"https:\/\/www.paris.fr\/\"><img loading=\"lazy\" decoding=\"async\" class=\" wp-image-549 aligncenter\" src=\"https:\/\/www.marmitesvolantes.fr\/wp-content\/uploads\/2020\/04\/Ville-de-Paris-298x300.jpg\" alt=\"\" width=\"227\" height=\"214\" \/><\/a><\/p>\n<h4 style=\"text-align: center;\"><\/h4>\n<p style=\"text-align: center;\"><a href=\"https:\/\/www.mairie19.paris.fr\/\" rel=\"attachment wp-att-584\"><img loading=\"lazy\" decoding=\"async\" class=\"size-medium wp-image-584 aligncenter\" src=\"https:\/\/www.marmitesvolantes.fr\/wp-content\/uploads\/2020\/04\/Marie-du-19e-300x300.jpg\" alt=\"\" width=\"190\" height=\"190\" srcset=\"https:\/\/www.marmitesvolantes.fr\/wp-content\/uploads\/2020\/04\/Marie-du-19e-300x300.jpg 300w, https:\/\/www.marmitesvolantes.fr\/wp-content\/uploads\/2020\/04\/Marie-du-19e-150x150.jpg 150w, https:\/\/www.marmitesvolantes.fr\/wp-content\/uploads\/2020\/04\/Marie-du-19e.jpg 400w\" sizes=\"auto, (max-width: 190px) 100vw, 190px\" \/><\/a><\/p>\n<p>&nbsp;<\/p>\n<p>&nbsp;<\/p>\n<p style=\"text-align: center;\"><a href=\"https:\/\/www.marmitesvolantes.fr\/index.php\/2022\/06\/17\/region-idf\/logo-region-idf\/\" rel=\"attachment wp-att-1148\"><img loading=\"lazy\" decoding=\"async\" class=\"alignnone size-medium wp-image-1148\" src=\"https:\/\/www.marmitesvolantes.fr\/wp-content\/uploads\/2022\/06\/Logo-Re\u0301gion-IDF-300x68.png\" alt=\"\" width=\"300\" height=\"68\" srcset=\"https:\/\/www.marmitesvolantes.fr\/wp-content\/uploads\/2022\/06\/Logo-Re\u0301gion-IDF-300x68.png 300w, https:\/\/www.marmitesvolantes.fr\/wp-content\/uploads\/2022\/06\/Logo-Re\u0301gion-IDF-1024x233.png 1024w, https:\/\/www.marmitesvolantes.fr\/wp-content\/uploads\/2022\/06\/Logo-Re\u0301gion-IDF-768x175.png 768w, https:\/\/www.marmitesvolantes.fr\/wp-content\/uploads\/2022\/06\/Logo-Re\u0301gion-IDF-1536x349.png 1536w, https:\/\/www.marmitesvolantes.fr\/wp-content\/uploads\/2022\/06\/Logo-Re\u0301gion-IDF-2048x466.png 2048w, https:\/\/www.marmitesvolantes.fr\/wp-content\/uploads\/2022\/06\/Logo-Re\u0301gion-IDF-1320x300.png 1320w\" sizes=\"auto, (max-width: 300px) 100vw, 300px\" \/><\/a><\/p>\n<p>&nbsp;<\/p>\n<p style=\"text-align: center;\"><a href=\"https:\/\/www.tourisme93.com\/\"><img loading=\"lazy\" decoding=\"async\" class=\"size-medium wp-image-551 aligncenter\" src=\"https:\/\/www.marmitesvolantes.fr\/wp-content\/uploads\/2020\/04\/Seine-Saint-Denis-Tourisme-300x248.jpeg\" alt=\"\" width=\"300\" height=\"248\" srcset=\"https:\/\/www.marmitesvolantes.fr\/wp-content\/uploads\/2020\/04\/Seine-Saint-Denis-Tourisme-300x248.jpeg 300w, https:\/\/www.marmitesvolantes.fr\/wp-content\/uploads\/2020\/04\/Seine-Saint-Denis-Tourisme-1024x846.jpeg 1024w, https:\/\/www.marmitesvolantes.fr\/wp-content\/uploads\/2020\/04\/Seine-Saint-Denis-Tourisme-768x635.jpeg 768w, https:\/\/www.marmitesvolantes.fr\/wp-content\/uploads\/2020\/04\/Seine-Saint-Denis-Tourisme.jpeg 1193w\" sizes=\"auto, (max-width: 300px) 100vw, 300px\" \/><\/a><\/p>\n<h5 style=\"text-align: center;\">Partenaire historique des Marmites Volantes depuis plusieurs ann\u00e9es, notre collaboration s&rsquo;est concr\u00e9tis\u00e9e<br \/>\nnotamment lors des croisi\u00e8res brunch de l&rsquo;\u00c9t\u00e9 du Canal depuis 2017 !<\/h5>\n<p>&nbsp;<\/p>\n<h3 style=\"text-align: center;\"><span style=\"color: #d52b35;\">Ils nous financent<br \/>\n<\/span><\/h3>\n<h4 style=\"text-align: center;\"><\/h4>\n<p style=\"text-align: center;\"><a href=\"https:\/\/www.lanef.com\/\"><img loading=\"lazy\" decoding=\"async\" class=\"size-medium wp-image-552 aligncenter\" src=\"https:\/\/www.marmitesvolantes.fr\/wp-content\/uploads\/2020\/04\/La-NEF-300x251.png\" alt=\"\" width=\"200\" height=\"168\" srcset=\"https:\/\/www.marmitesvolantes.fr\/wp-content\/uploads\/2020\/04\/La-NEF-300x251.png 300w, https:\/\/www.marmitesvolantes.fr\/wp-content\/uploads\/2020\/04\/La-NEF-1024x857.png 1024w, https:\/\/www.marmitesvolantes.fr\/wp-content\/uploads\/2020\/04\/La-NEF-768x643.png 768w, https:\/\/www.marmitesvolantes.fr\/wp-content\/uploads\/2020\/04\/La-NEF.png 1200w\" sizes=\"auto, (max-width: 200px) 100vw, 200px\" \/><\/a><\/p>\n<h4 style=\"text-align: center;\"><\/h4>\n<p>&nbsp;<\/p>\n<p style=\"text-align: center;\"><a href=\"https:\/\/www.franceactive.org\/\"><img loading=\"lazy\" decoding=\"async\" class=\"size-medium wp-image-553 aligncenter\" src=\"https:\/\/www.marmitesvolantes.fr\/wp-content\/uploads\/2020\/04\/France-Active-300x90.png\" alt=\"\" width=\"300\" height=\"90\" srcset=\"https:\/\/www.marmitesvolantes.fr\/wp-content\/uploads\/2020\/04\/France-Active-300x90.png 300w, https:\/\/www.marmitesvolantes.fr\/wp-content\/uploads\/2020\/04\/France-Active-1024x307.png 1024w, https:\/\/www.marmitesvolantes.fr\/wp-content\/uploads\/2020\/04\/France-Active-768x230.png 768w, https:\/\/www.marmitesvolantes.fr\/wp-content\/uploads\/2020\/04\/France-Active-1536x460.png 1536w, https:\/\/www.marmitesvolantes.fr\/wp-content\/uploads\/2020\/04\/France-Active-2048x613.png 2048w, https:\/\/www.marmitesvolantes.fr\/wp-content\/uploads\/2020\/04\/France-Active-1320x395.png 1320w\" sizes=\"auto, (max-width: 300px) 100vw, 300px\" \/><\/a><\/p>\n<h4 style=\"text-align: center;\"><\/h4>\n<p style=\"text-align: center;\"><a href=\"https:\/\/group.bnpparibas\/\"><img loading=\"lazy\" decoding=\"async\" class=\"size-medium wp-image-554 aligncenter\" src=\"https:\/\/www.marmitesvolantes.fr\/wp-content\/uploads\/2020\/04\/BNP-300x200.jpg\" alt=\"\" width=\"300\" height=\"200\" srcset=\"https:\/\/www.marmitesvolantes.fr\/wp-content\/uploads\/2020\/04\/BNP-300x200.jpg 300w, https:\/\/www.marmitesvolantes.fr\/wp-content\/uploads\/2020\/04\/BNP-768x512.jpg 768w, https:\/\/www.marmitesvolantes.fr\/wp-content\/uploads\/2020\/04\/BNP.jpg 990w\" sizes=\"auto, (max-width: 300px) 100vw, 300px\" \/><\/a><\/p>\n<p style=\"text-align: center;\"><a href=\"https:\/\/zerowasteswitzerland.ch\/fr\/2021\/04\/14\/quadia\/\" rel=\"attachment wp-att-811\"><img loading=\"lazy\" decoding=\"async\" class=\" size-medium wp-image-811 aligncenter \" src=\"https:\/\/www.marmitesvolantes.fr\/wp-content\/uploads\/2022\/03\/Quadia_Logo.png\" alt=\"\" width=\"300\" height=\"113\" \/><\/a><br \/>\n<a href=\"https:\/\/www.fondationcarasso.org\/\" rel=\"attachment wp-att-811\"><img loading=\"lazy\" decoding=\"async\" class=\" size-medium wp-image-811 aligncenter \" src=\"https:\/\/www.marmitesvolantes.fr\/wp-content\/uploads\/2021\/12\/header-logo-fr-300x113.png\" alt=\"\" width=\"300\" height=\"113\" srcset=\"https:\/\/www.marmitesvolantes.fr\/wp-content\/uploads\/2021\/12\/header-logo-fr-300x113.png 300w, https:\/\/www.marmitesvolantes.fr\/wp-content\/uploads\/2021\/12\/header-logo-fr.png 410w\" sizes=\"auto, (max-width: 300px) 100vw, 300px\" \/><\/a><\/p>\n<p style=\"text-align: center;\"><a href=\"https:\/\/sowefund.com\/?source=smartangels&amp;originPath=pret-inscription\"><img loading=\"lazy\" decoding=\"async\" class=\"size-medium wp-image-945 aligncenter\" src=\"https:\/\/www.marmitesvolantes.fr\/wp-content\/uploads\/2022\/03\/SoWeFund-300x300.png\" alt=\"\" width=\"300\" height=\"300\" srcset=\"https:\/\/www.marmitesvolantes.fr\/wp-content\/uploads\/2022\/03\/SoWeFund-300x300.png 300w, https:\/\/www.marmitesvolantes.fr\/wp-content\/uploads\/2022\/03\/SoWeFund-150x150.png 150w, https:\/\/www.marmitesvolantes.fr\/wp-content\/uploads\/2022\/03\/SoWeFund.png 500w\" sizes=\"auto, (max-width: 300px) 100vw, 300px\" \/><\/a><\/p>\n<h5 style=\"text-align: center;\">Plateforme de financement participatif que nous avons choisie pour notre lev\u00e9e de fonds en 2021.<\/h5>\n<p>&nbsp;<\/p>\n<h3 style=\"text-align: center;\"><span style=\"color: #d52b35;\">Ils nous accompagnent<\/span><\/h3>\n<h5 style=\"text-align: center;\"><\/h5>\n<p style=\"text-align: center;\"><a href=\"https:\/\/antropia-essec.fr\/\"><img loading=\"lazy\" decoding=\"async\" class=\"alignnone size-medium wp-image-560\" src=\"https:\/\/www.marmitesvolantes.fr\/wp-content\/uploads\/2020\/04\/Antropia-300x53.png\" alt=\"\" width=\"300\" height=\"53\" srcset=\"https:\/\/www.marmitesvolantes.fr\/wp-content\/uploads\/2020\/04\/Antropia-300x53.png 300w, https:\/\/www.marmitesvolantes.fr\/wp-content\/uploads\/2020\/04\/Antropia.png 700w\" sizes=\"auto, (max-width: 300px) 100vw, 300px\" \/><\/a><\/p>\n<h5 style=\"text-align: center;\">Nous avons \u00e9t\u00e9 accompagn\u00e9 par Antropia\u00a0 Scale Up Entreprise : programme de 6 mois pour d\u00e9finir et mettre en place sa strat\u00e9gie de changement d\u2019\u00e9chelle.<\/h5>\n<p style=\"text-align: center;\"><a href=\"https:\/\/www.pie.paris\/\"><img loading=\"lazy\" decoding=\"async\" class=\" wp-image-548 aligncenter\" src=\"https:\/\/www.marmitesvolantes.fr\/wp-content\/uploads\/2020\/04\/PIE-297x300.jpg\" alt=\"\" width=\"227\" height=\"216\" \/><\/a><\/p>\n<h5 style=\"text-align: center;\">PIE porte le Dispositif Local d&rsquo;Accompagnement \u00e0 Paris. Il vise \u00e0 renforcer le mod\u00e8le \u00e9conomique de structures employeuses de l&rsquo;\u00e9conomie sociale et solidaire pour cr\u00e9er et consolider l\u2019emploi. Par ailleurs \u00a0PIE accompagne et finance les entrepreneurs ayant un projet abouti de cr\u00e9ation, reprise ou d\u00e9veloppement d\u2019entreprise, avec un impact social, territorial ou environnemental.<br \/>\nNous avons b\u00e9n\u00e9fici\u00e9 d&rsquo;un DLA anim\u00e9 par Philippe Garcin et PIE a apport\u00e9 son aide pr\u00e9cieuse pour l&rsquo;obtention d&rsquo;un pr\u00eat \u00e0 la BNP.<\/h5>\n<p style=\"text-align: center;\"><a href=\"https:\/\/www.reseau-entreprendre.org\/fr\/accueil\/\" rel=\"attachment wp-att-958\"><img loading=\"lazy\" decoding=\"async\" class=\"size-medium wp-image-958 aligncenter\" src=\"https:\/\/www.marmitesvolantes.fr\/wp-content\/uploads\/2022\/03\/Re\u0301seau-entreprendre-300x213.png\" alt=\"\" width=\"300\" height=\"213\" srcset=\"https:\/\/www.marmitesvolantes.fr\/wp-content\/uploads\/2022\/03\/Re\u0301seau-entreprendre-300x213.png 300w, https:\/\/www.marmitesvolantes.fr\/wp-content\/uploads\/2022\/03\/Re\u0301seau-entreprendre-1024x727.png 1024w, https:\/\/www.marmitesvolantes.fr\/wp-content\/uploads\/2022\/03\/Re\u0301seau-entreprendre-768x545.png 768w, https:\/\/www.marmitesvolantes.fr\/wp-content\/uploads\/2022\/03\/Re\u0301seau-entreprendre.png 1040w\" sizes=\"auto, (max-width: 300px) 100vw, 300px\" \/><\/a><\/p>\n<h5 style=\"text-align: center;\">Les Marmites Volantes ont \u00e9t\u00e9 laur\u00e9ats du R\u00e9seau Entreprendre en 2019,<br \/>\ndepuis nous b\u00e9n\u00e9ficions d&rsquo;un accompagnement pr\u00e9cieux par le R\u00e9seau.<\/h5>\n<p style=\"text-align: center;\"><a href=\"http:\/\/www.inhomine.fr\/\" rel=\"attachment wp-att-602\"><img loading=\"lazy\" decoding=\"async\" class=\"wp-image-602 aligncenter\" src=\"https:\/\/www.marmitesvolantes.fr\/wp-content\/uploads\/2020\/04\/In-Homine\u0301.jpg\" alt=\"\" width=\"258\" height=\"237\" \/><\/a><\/p>\n<div class=\"c-message_kit__gutter\">\n<div class=\"c-message_kit__gutter__right\" data-qa=\"message_content\">\n<div class=\"c-message_kit__blocks c-message_kit__blocks--rich_text\">\n<div class=\"c-message__message_blocks c-message__message_blocks--rich_text\">\n<div class=\"p-block_kit_renderer\" data-qa=\"block-kit-renderer\">\n<div class=\"p-block_kit_renderer__block_wrapper p-block_kit_renderer__block_wrapper--first\">\n<div class=\"p-rich_text_block\" dir=\"auto\">\n<h5 class=\"p-rich_text_section\" style=\"text-align: center;\">Philippe Garcin, consultant multi facettes a suivi les Marmites Volantes a plusieurs reprises, toujours avec justesse et efficacit\u00e9.<\/h5>\n<\/div>\n<\/div>\n<\/div>\n<\/div>\n<\/div>\n<\/div>\n<\/div>\n<h3 style=\"text-align: center;\"><span style=\"color: #d52b35;\">Ils nous entourent<\/span><\/h3>\n<p style=\"text-align: center;\"><a href=\"https:\/\/ecotable.fr\/fr\"><img loading=\"lazy\" decoding=\"async\" class=\"size-medium wp-image-555 aligncenter\" src=\"https:\/\/www.marmitesvolantes.fr\/wp-content\/uploads\/2020\/04\/ecotable-300x60.png\" alt=\"\" width=\"300\" height=\"60\" srcset=\"https:\/\/www.marmitesvolantes.fr\/wp-content\/uploads\/2020\/04\/ecotable-300x60.png 300w, https:\/\/www.marmitesvolantes.fr\/wp-content\/uploads\/2020\/04\/ecotable-768x154.png 768w, https:\/\/www.marmitesvolantes.fr\/wp-content\/uploads\/2020\/04\/ecotable.png 905w\" sizes=\"auto, (max-width: 300px) 100vw, 300px\" \/><\/a><\/p>\n<h5 style=\"text-align: center;\">Le Label \u00c9cotable identifie et valorise les restaurants \u00e9coresponsables \u00e0 partir d&rsquo;un cahier des charges pr\u00e9cis et selon trois niveaux d&rsquo;engagement. Il permet \u00e0 toutes et tous de choisir des restaurants aux pratiques environnementales vertueuses. Ecotable et sa Communaut\u00e9 sensibilisent aux enjeux de l\u2019alimentation durable par des \u00e9v\u00e9nements r\u00e9guliers afin que restaurateurs, prestataires et consommateurs se rencontrent et que les engagements de chacun se partagent au profit de tous.<br \/>\nTous les restaurants des Marmites Volantes sont labellis\u00e9s Ecotable, nous participons activement aux actions de la communaut\u00e9 Ecotable qui font \u00e9cho aux valeurs port\u00e9es par les Marmites Volantes.<\/h5>\n<h5 style=\"text-align: center;\"><\/h5>\n<p style=\"text-align: center;\"><a href=\"http:\/\/etic.co\/\" rel=\"attachment wp-att-226\"><img loading=\"lazy\" decoding=\"async\" class=\"wp-image-226 aligncenter\" src=\"https:\/\/www.marmitesvolantes.fr\/wp-content\/uploads\/2020\/01\/etic.png\" alt=\"\" width=\"200\" height=\"200\" srcset=\"https:\/\/www.marmitesvolantes.fr\/wp-content\/uploads\/2020\/01\/etic.png 200w, https:\/\/www.marmitesvolantes.fr\/wp-content\/uploads\/2020\/01\/etic-150x150.png 150w\" sizes=\"auto, (max-width: 200px) 100vw, 200px\" \/><\/a><\/p>\n<h5 style=\"text-align: center;\">ETIC cr\u00e9e, finance et g\u00e8re des bureaux partag\u00e9s et de commerce permettant aux associations, entrepreneurs sociaux et autres acteurs responsables, d\u2019acc\u00e9der \u00e0 des locaux professionnels abordables et de mutualiser \u00e9quipements et services. Les Marmites Volantes \u00e0 Montreuil sont install\u00e9es au Mundo M, immeuble de bureaux g\u00e9r\u00e9s par Etic. Notre collaboration dure depuis 2015 et est prometteuse pour d&rsquo;autres opportunit\u00e9s.<\/h5>\n<p style=\"text-align: center;\"><a href=\"https:\/\/www.cargonautes.fr\/\" rel=\"attachment wp-att-1073\"><img loading=\"lazy\" decoding=\"async\" class=\"alignnone size-medium wp-image-1073\" src=\"https:\/\/www.marmitesvolantes.fr\/wp-content\/uploads\/2022\/11\/Cargonautes-300x300.jpeg\" alt=\"\" width=\"300\" height=\"300\" srcset=\"https:\/\/www.marmitesvolantes.fr\/wp-content\/uploads\/2022\/11\/Cargonautes-300x300.jpeg 300w, https:\/\/www.marmitesvolantes.fr\/wp-content\/uploads\/2022\/11\/Cargonautes-150x150.jpeg 150w, https:\/\/www.marmitesvolantes.fr\/wp-content\/uploads\/2022\/11\/Cargonautes.jpeg 720w\" sizes=\"auto, (max-width: 300px) 100vw, 300px\" \/><\/a><\/p>\n<h5 style=\"text-align: center;\">Coop\u00e9rative de coursiers \u00e0 v\u00e9lo, Cargonautes est un partenaire historique des Marmites Volantes. Les coursiers de Cargonautes prennent le relai sur les livraisons que nos livreurs salari\u00e9s ne peuvent assurer (tourn\u00e9e trop longue, chargement trop volumineux&#8230;).<\/h5>\n<p style=\"text-align: center;\"><a href=\"https:\/\/www.montessori21.org\/\" rel=\"attachment wp-att-247\"><img loading=\"lazy\" decoding=\"async\" class=\"size-medium wp-image-247 aligncenter\" src=\"https:\/\/www.marmitesvolantes.fr\/wp-content\/uploads\/2020\/01\/Montessori-21-300x77.png\" alt=\"\" width=\"300\" height=\"77\" srcset=\"https:\/\/www.marmitesvolantes.fr\/wp-content\/uploads\/2020\/01\/Montessori-21-300x77.png 300w, https:\/\/www.marmitesvolantes.fr\/wp-content\/uploads\/2020\/01\/Montessori-21.png 349w\" sizes=\"auto, (max-width: 300px) 100vw, 300px\" \/><\/a><\/p>\n<h5 style=\"text-align: center;\">R\u00e9seau d&rsquo;\u00e9coles alternatives solidaires, les parents payent en fonction de leur revenus et participent au fonctionnement de l&rsquo;\u00e9cole. Plusieurs \u00e9coles du r\u00e9seau ont choisi les Marmites Volantes pour assurer leur service de cantine.<\/h5>\n<h4 style=\"text-align: center;\"><\/h4>\n<p style=\"text-align: center;\"><a href=\"https:\/\/www.enercoop.fr\/\" rel=\"attachment wp-att-227\"><img loading=\"lazy\" decoding=\"async\" class=\"size-medium wp-image-227 aligncenter\" src=\"https:\/\/www.marmitesvolantes.fr\/wp-content\/uploads\/2020\/01\/Enercoop-300x103.png\" alt=\"\" width=\"300\" height=\"103\" srcset=\"https:\/\/www.marmitesvolantes.fr\/wp-content\/uploads\/2020\/01\/Enercoop-300x103.png 300w, https:\/\/www.marmitesvolantes.fr\/wp-content\/uploads\/2020\/01\/Enercoop-1024x352.png 1024w, https:\/\/www.marmitesvolantes.fr\/wp-content\/uploads\/2020\/01\/Enercoop-768x264.png 768w, https:\/\/www.marmitesvolantes.fr\/wp-content\/uploads\/2020\/01\/Enercoop.png 1200w\" sizes=\"auto, (max-width: 300px) 100vw, 300px\" \/><\/a><\/p>\n<h5 style=\"text-align: center;\">Pionnier de l&rsquo;\u00e9nergie verte, d\u00e8s que nous sommes libres de choisir notre fournisseur d&rsquo;\u00e9nergie dans nos lieux, c&rsquo;est avec eux que nous signons. Enercoop est aussi un client historique de nos livraisons de marmites et de notre restaurant de Jaur\u00e8s voisin de son si\u00e8ge social.<\/h5>\n<h5 style=\"text-align: center;\"><a href=\"https:\/\/www.reconcil.fr\/\" rel=\"attachment wp-att-229\"><img loading=\"lazy\" decoding=\"async\" class=\"size-medium wp-image-229 aligncenter\" src=\"https:\/\/www.marmitesvolantes.fr\/wp-content\/uploads\/2020\/01\/Reconcil-300x88.png\" alt=\"\" width=\"300\" height=\"88\" srcset=\"https:\/\/www.marmitesvolantes.fr\/wp-content\/uploads\/2020\/01\/Reconcil-300x88.png 300w, https:\/\/www.marmitesvolantes.fr\/wp-content\/uploads\/2020\/01\/Reconcil-1024x301.png 1024w, https:\/\/www.marmitesvolantes.fr\/wp-content\/uploads\/2020\/01\/Reconcil-768x225.png 768w, https:\/\/www.marmitesvolantes.fr\/wp-content\/uploads\/2020\/01\/Reconcil-1536x451.png 1536w, https:\/\/www.marmitesvolantes.fr\/wp-content\/uploads\/2020\/01\/Reconcil-2048x601.png 2048w, https:\/\/www.marmitesvolantes.fr\/wp-content\/uploads\/2020\/01\/Reconcil-1320x388.png 1320w\" sizes=\"auto, (max-width: 300px) 100vw, 300px\" \/><\/a><\/h5>\n<h5 style=\"text-align: center;\">Premier service d&#8217;emballages consign\u00e9s et r\u00e9utilisables. Nous proposons nos plats \u00e0 emporter dans ces contenants, Reconcil assure le lavage industriel au retour des contenants.<\/h5>\n<p style=\"text-align: center;\"><a href=\"https:\/\/www.academieduclimat.paris\/\" rel=\"attachment wp-att-946\"><img loading=\"lazy\" decoding=\"async\" class=\"size-medium wp-image-946 aligncenter\" src=\"https:\/\/www.marmitesvolantes.fr\/wp-content\/uploads\/2022\/03\/Acade\u0301mie-du-climat-300x300.jpeg\" alt=\"\" width=\"300\" height=\"300\" srcset=\"https:\/\/www.marmitesvolantes.fr\/wp-content\/uploads\/2022\/03\/Acade\u0301mie-du-climat-300x300.jpeg 300w, https:\/\/www.marmitesvolantes.fr\/wp-content\/uploads\/2022\/03\/Acade\u0301mie-du-climat-150x150.jpeg 150w, https:\/\/www.marmitesvolantes.fr\/wp-content\/uploads\/2022\/03\/Acade\u0301mie-du-climat.jpeg 400w\" sizes=\"auto, (max-width: 300px) 100vw, 300px\" \/><\/a><\/p>\n<h5 style=\"text-align: center;\">Lieu d&rsquo;intelligence collective et d&rsquo;action face \u00e0 l&rsquo;urgence climatique dans lequel nous livrons quotidiennement des repas servis \u00e0 la buvette.<br \/>\n<a href=\"https:\/\/www.plastycreation.fr\/\"><img loading=\"lazy\" decoding=\"async\" class=\"aligncenter wp-image-556 aligncenter\" src=\"https:\/\/www.marmitesvolantes.fr\/wp-content\/uploads\/2020\/04\/Plasty-Creation.png\" alt=\"\" width=\"150\" height=\"150\" srcset=\"https:\/\/www.marmitesvolantes.fr\/wp-content\/uploads\/2020\/04\/Plasty-Creation.png 180w, https:\/\/www.marmitesvolantes.fr\/wp-content\/uploads\/2020\/04\/Plasty-Creation-150x150.png 150w\" sizes=\"auto, (max-width: 150px) 100vw, 150px\" \/><\/a><\/h5>\n<h5 style=\"text-align: center;\">Professionnel du sac de transport technique et sur mesure. Plasty Creation a confectionn\u00e9 nos sacs de livraison isotherme dans leur atelier situ\u00e9 \u00e0 Paris 18e, local donc tr\u00e8s local.<\/h5>\n<p style=\"text-align: center;\"><a href=\"http:\/\/lespetitesrivieres.com\/\" rel=\"attachment wp-att-248\"><img loading=\"lazy\" decoding=\"async\" class=\"size-medium wp-image-248 aligncenter\" src=\"https:\/\/www.marmitesvolantes.fr\/wp-content\/uploads\/2020\/01\/Les-petite-rivie\u0300res-300x122.png\" alt=\"\" width=\"300\" height=\"122\" srcset=\"https:\/\/www.marmitesvolantes.fr\/wp-content\/uploads\/2020\/01\/Les-petite-rivie\u0300res-300x122.png 300w, https:\/\/www.marmitesvolantes.fr\/wp-content\/uploads\/2020\/01\/Les-petite-rivie\u0300res.png 512w\" sizes=\"auto, (max-width: 300px) 100vw, 300px\" \/><\/a><\/p>\n<h5 style=\"text-align: center;\">Les petites rivi\u00e8res co-construit avec l\u2019Etat, les grands groupes, les collectivit\u00e9s locales, les startups et les entreprises de l\u2019\u00e9conomie sociale et solidaire (ESS) des solutions leur permettant d\u2019apporter des r\u00e9ponses aux d\u00e9fis de la transition sociale et environnementale. Les Marmites Volantes ont pu b\u00e9n\u00e9ficier \u00e0 diff\u00e9rentes reprises des \u00e9v\u00e9nements et accompagnements propos\u00e9s par les petites rivi\u00e8res, nous permettant \u00e0 chaque fois d&rsquo;effectuer des grands pas pour notre d\u00e9veloppement.<\/h5>\n<p style=\"text-align: center;\"><a href=\"http:\/\/lescanaux.com\/\" rel=\"attachment wp-att-242\"><img loading=\"lazy\" decoding=\"async\" class=\"size-medium wp-image-242 aligncenter\" src=\"https:\/\/www.marmitesvolantes.fr\/wp-content\/uploads\/2020\/01\/Les-Canaux-300x150.png\" alt=\"\" width=\"300\" height=\"150\" srcset=\"https:\/\/www.marmitesvolantes.fr\/wp-content\/uploads\/2020\/01\/Les-Canaux-300x150.png 300w, https:\/\/www.marmitesvolantes.fr\/wp-content\/uploads\/2020\/01\/Les-Canaux-1024x513.png 1024w, https:\/\/www.marmitesvolantes.fr\/wp-content\/uploads\/2020\/01\/Les-Canaux-768x385.png 768w, https:\/\/www.marmitesvolantes.fr\/wp-content\/uploads\/2020\/01\/Les-Canaux-1536x770.png 1536w, https:\/\/www.marmitesvolantes.fr\/wp-content\/uploads\/2020\/01\/Les-Canaux-2048x1027.png 2048w, https:\/\/www.marmitesvolantes.fr\/wp-content\/uploads\/2020\/01\/Les-Canaux-1320x662.png 1320w\" sizes=\"auto, (max-width: 300px) 100vw, 300px\" \/><\/a><\/p>\n<h5 style=\"text-align: center;\">Maison des \u00e9conomies solidaires, pour nous ils sont \u00e0 la fois un centre de ressources et de rencontres, des clients de nos marmites et des prescripteurs aupr\u00e8s de leur r\u00e9seau.<a href=\"https:\/\/lavillette.com\/\" rel=\"attachment wp-att-243\"><img loading=\"lazy\" decoding=\"async\" class=\"size-medium wp-image-243 aligncenter\" src=\"https:\/\/www.marmitesvolantes.fr\/wp-content\/uploads\/2020\/01\/La-Villette-300x189.jpg\" alt=\"\" width=\"300\" height=\"189\" srcset=\"https:\/\/www.marmitesvolantes.fr\/wp-content\/uploads\/2020\/01\/La-Villette-300x189.jpg 300w, https:\/\/www.marmitesvolantes.fr\/wp-content\/uploads\/2020\/01\/La-Villette.jpg 545w\" sizes=\"auto, (max-width: 300px) 100vw, 300px\" \/><\/a><\/h5>\n<h5 style=\"text-align: center;\">La Villette, acteur culturel majeur du 19e arrondissement est un partenaire privil\u00e9gi\u00e9 sur de nombreux \u00e9v\u00e9nements : La Villette Sonique, Repas du comit\u00e9 d&rsquo;entreprise, Offre de d\u00eener avec le cin\u00e9ma en plein air de l&rsquo;\u00e9t\u00e9&#8230;<\/h5>\n<h5 style=\"text-align: center;\"><a href=\"https:\/\/www.korp.co\/\" rel=\"attachment wp-att-943 aligncenter\"><img loading=\"lazy\" decoding=\"async\" class=\"alignnone size-medium wp-image-943\" src=\"https:\/\/www.marmitesvolantes.fr\/wp-content\/uploads\/2022\/03\/Korp-Logo-267x300.png\" alt=\"\" width=\"267\" height=\"300\" srcset=\"https:\/\/www.marmitesvolantes.fr\/wp-content\/uploads\/2022\/03\/Korp-Logo-267x300.png 267w, https:\/\/www.marmitesvolantes.fr\/wp-content\/uploads\/2022\/03\/Korp-Logo.png 512w\" sizes=\"auto, (max-width: 267px) 100vw, 267px\" \/><\/a><\/h5>\n<h5 style=\"text-align: center;\">Coll\u00e8gue du programme Antropia, c&rsquo;est une plateforme\u00a0 d&rsquo;\u00e9changes inter-entreprises\u00a0 pour acheter sans argent aupr\u00e8s d&rsquo;une communaut\u00e9 d&rsquo;entreprises, payer avec nos offres de services et produits.<\/h5>\n<p>&nbsp;<\/p>\n<p style=\"text-align: center;\"><a href=\"https:\/\/www.facebook.com\/desireefleurs\/\"><img loading=\"lazy\" decoding=\"async\" class=\"size-medium wp-image-557 aligncenter\" src=\"https:\/\/www.marmitesvolantes.fr\/wp-content\/uploads\/2020\/04\/De\u0301skre\u0301-300x200.jpg\" alt=\"\" width=\"300\" height=\"200\" srcset=\"https:\/\/www.marmitesvolantes.fr\/wp-content\/uploads\/2020\/04\/De\u0301skre\u0301-300x200.jpg 300w, https:\/\/www.marmitesvolantes.fr\/wp-content\/uploads\/2020\/04\/De\u0301skre\u0301-768x512.jpg 768w, https:\/\/www.marmitesvolantes.fr\/wp-content\/uploads\/2020\/04\/De\u0301skre\u0301.jpg 1000w\" sizes=\"auto, (max-width: 300px) 100vw, 300px\" \/><\/a><\/p>\n<h5 style=\"text-align: center;\">Desir\u00e9e est au secteur de la fleur, ce que sont les Marmites Volantes dans le secteur de la restauration : une entreprise engag\u00e9e qui d\u00e9fend des valeurs fortes<\/h5>\n","protected":false},"excerpt":{"rendered":"<p>Plein de gens g\u00e9niaux nous entourent ! &nbsp; Ils nous soutiennent &nbsp; &nbsp; &nbsp; Partenaire historique des Marmites Volantes depuis plusieurs ann\u00e9es, notre collaboration s&rsquo;est concr\u00e9tis\u00e9e notamment lors des croisi\u00e8res brunch de l&rsquo;\u00c9t\u00e9 du Canal depuis 2017 ! &nbsp; Ils nous financent &nbsp; Plateforme de financement participatif que nous avons choisie pour notre lev\u00e9e de [&hellip;]<\/p>\n","protected":false},"author":1,"featured_media":210,"parent":12,"menu_order":0,"comment_status":"closed","ping_status":"closed","template":"souspageeditoriale.php","meta":{"footnotes":""},"class_list":["post-26","page","type-page","status-publish","has-post-thumbnail","hentry"],"_links":{"self":[{"href":"https:\/\/www.marmitesvolantes.fr\/index.php\/wp-json\/wp\/v2\/pages\/26","targetHints":{"allow":["GET"]}}],"collection":[{"href":"https:\/\/www.marmitesvolantes.fr\/index.php\/wp-json\/wp\/v2\/pages"}],"about":[{"href":"https:\/\/www.marmitesvolantes.fr\/index.php\/wp-json\/wp\/v2\/types\/page"}],"author":[{"embeddable":true,"href":"https:\/\/www.marmitesvolantes.fr\/index.php\/wp-json\/wp\/v2\/users\/1"}],"replies":[{"embeddable":true,"href":"https:\/\/www.marmitesvolantes.fr\/index.php\/wp-json\/wp\/v2\/comments?post=26"}],"version-history":[{"count":59,"href":"https:\/\/www.marmitesvolantes.fr\/index.php\/wp-json\/wp\/v2\/pages\/26\/revisions"}],"predecessor-version":[{"id":294,"href":"https:\/\/www.marmitesvolantes.fr\/index.php\/wp-json\/wp\/v2\/pages\/26\/revisions\/294"}],"up":[{"embeddable":true,"href":"https:\/\/www.marmitesvolantes.fr\/index.php\/wp-json\/wp\/v2\/pages\/12"}],"wp:featuredmedia":[{"embeddable":true,"href":"https:\/\/www.marmitesvolantes.fr\/index.php\/wp-json\/wp\/v2\/media\/210"}],"wp:attachment":[{"href":"https:\/\/www.marmitesvolantes.fr\/index.php\/wp-json\/wp\/v2\/media?parent=26"}],"curies":[{"name":"wp","href":"https:\/\/api.w.org\/{rel}","templated":true}]}}